{"id":126,"date":"2017-06-21T00:32:08","date_gmt":"2017-06-20T23:32:08","guid":{"rendered":"http:\/\/fgbmfi-burkina.org\/?page_id=126"},"modified":"2019-05-23T17:08:20","modified_gmt":"2019-05-23T16:08:20","slug":"membres-2","status":"publish","type":"page","link":"https:\/\/fgbmfi-burkina.org\/index.php\/membres-2\/","title":{"rendered":"Membres"},"content":{"rendered":"\n<div class=\"wp-block-image\"><figure class=\"alignright is-resized\"><img decoding=\"async\" src=\"http:\/\/fgbmfi-burkina.org\/wp-content\/uploads\/2019\/05\/membres-e1558624630828.jpg\" alt=\"\" class=\"wp-image-1082\" width=\"210\" height=\"140\"\/><\/figure><\/div>\n\n\n\n<div class=\"wp-block-image\"><figure class=\"alignleft is-resized\"><img decoding=\"async\" src=\"http:\/\/fgbmfi-burkina.org\/wp-content\/uploads\/2019\/05\/devenir-membre.jpg\" alt=\"\" class=\"wp-image-1071\" width=\"184\" height=\"101\"\/><\/figure><\/div>\n\n\n\n<p>\u00catre un membre est avant tout r\u00e9pondre \u00e0 un appel de Dieu. C\u2019est aussi vivre concr\u00e8tement et fid\u00e8lement dans le quotidien cet appel, sous ses divers aspects :<\/p>\n\n\n\n<h2 class=\"wp-block-heading\">VIS-\u00c0-VIS DU T\u00c9MOIGNAGE<\/h2>\n\n\n\n<p>Les membres sont d\u2019abord des t\u00e9moins : des gens qui disent ce qu\u2019ils ont vu et ce qu\u2019ils ont v\u00e9cu. Tous exercent le minist\u00e8re de t\u00e9moignage qui leur est ainsi confi\u00e9 pour r\u00e9pandre partout la bonne nouvelle du salut.<\/p>\n\n\n\n<p>Le t\u00e9moignage, c\u2019est bien s\u00fbr le r\u00e9cit de la \u00ab rencontre \u00bb avec J\u00e9sus et de la transformation qui en r\u00e9sulte, mais ce n\u2019est pas une histoire fig\u00e9e dans le temps : c\u2019est aussi l\u2019exp\u00e9rience quotidienne v\u00e9cue sous la conduite de l\u2019Esprit Saint que l\u2019on partage aux autres. Le t\u00e9moignage d\u00e9velopp\u00e9 dans le cadre d\u2019une r\u00e9union publique n\u2019est pas une pr\u00e9dication, mais la narration d\u2019une histoire r\u00e9ellement v\u00e9cue. Les orateurs veillent \u00e0 ne pas avoir une attitude et un langage religieux. Ils ont \u00e0 c\u0153ur de partager aussi souvent que possible ce que Dieu fait dans leur vie.<\/p>\n\n\n\n<h2 class=\"wp-block-heading\">VIS-\u00c0-VIS DES AUTRES MEMBRES<\/h2>\n\n\n\n<p>Dans le chapitre les membres veillent \u00e0 vivre ensemble des temps de pri\u00e8re, de partage et de convivialit\u00e9 qui sont propices pour les faire grandir dans la communion fraternelle et l\u2019unit\u00e9.<\/p>\n\n\n\n<h2 class=\"wp-block-heading\">VIS-\u00c0-VIS DE LA FAMILLE<\/h2>\n\n\n\n<p>L\u2019engagement d\u2019un membre mari\u00e9 est difficile sans l\u2019accord et l\u2019adh\u00e9sion de son \u00e9pouse. L\u2019engagement dans la Communaut\u00e9 impacte toute la famille, sans pour autant le faire au d\u00e9triment du temps pass\u00e9 ensemble et particuli\u00e8rement vis \u00e0 vis des enfants.<\/p>\n\n\n\n<p>Le t\u00e9moignage v\u00e9cu et donn\u00e9 par des familles \u00e0 impact consid\u00e9rable car il illustre comment les valeurs tir\u00e9es de l\u2019\u00c9vangile sont b\u00e9n\u00e9fiques pour la famille et la soci\u00e9t\u00e9.<\/p>\n\n\n\n<h2 class=\"wp-block-heading\">VIS-\u00c0-VIS DES \u00c9GLISES<\/h2>\n\n\n\n<p>Les membres sont invit\u00e9s \u00e0 demeurer dans leurs \u00e9glises respectives et \u00e0 s\u2019y montrer actifs. Nous voulons vivre avec toutes les d\u00e9nominations chr\u00e9tiennes.<\/p>\n\n\n\n<p>Les membres respectent leurs diff\u00e9rentes appartenances eccl\u00e9siales et les diff\u00e9rences de doctrine qui en r\u00e9sultent. Ils s\u2019interdisent tout pros\u00e9lytisme les uns vis-\u00e0-vis des autres dans le cadre de leur activit\u00e9 dans la Communaut\u00e9.<\/p>\n\n\n\n<h2 class=\"wp-block-heading\">VOUS VOUS SENTEZ PR\u00caTS ?<\/h2>\n\n\n\n<p><strong>Laissez nous vos coordonn\u00e9es dans ce formulaire ci-dessous<\/strong>, nous vous mettrons en contact avec les membres du\u00a0chapitre le plus proche de chez vous.<br>S\u2019il n\u2019y a pas de chapitre pr\u00e8s de chez vous et que vous sentez l\u2019appel d\u2019en cr\u00e9er un, vous pouvez en prendre l\u2019initiative.<\/p>\n\n\n\n<h2 class=\"wp-block-heading\"><\/h2>\n\n\n\n<p><\/p>\n","protected":false},"excerpt":{"rendered":"<p>\u00catre un membre est avant tout r\u00e9pondre \u00e0 un appel de Dieu. C\u2019est aussi vivre concr\u00e8tement et fid\u00e8lement dans le quotidien cet appel, sous ses divers aspects : VIS-\u00c0-VIS DU T\u00c9MOIGNAGE Les membres sont d\u2019abord des t\u00e9moins : des gens qui disent ce qu\u2019ils ont vu et ce qu\u2019ils ont v\u00e9cu. Tous exercent le minist\u00e8re de t\u00e9moignage qui leur est ainsi confi\u00e9 pour r\u00e9pandre partout la bonne nouvelle du salut. Le t\u00e9moignage, c\u2019est bien s\u00fbr le r\u00e9cit de la \u00ab rencontre \u00bb avec J\u00e9sus et de la transformation qui en r\u00e9sulte, mais ce n\u2019est pas une histoire fig\u00e9e dans le&#8230;<\/p>\n","protected":false},"author":1,"featured_media":0,"parent":0,"menu_order":0,"comment_status":"closed","ping_status":"closed","template":"","meta":{"footnotes":""},"class_list":["post-126","page","type-page","status-publish","hentry","alt-left"],"_links":{"self":[{"href":"https:\/\/fgbmfi-burkina.org\/index.php\/wp-json\/wp\/v2\/pages\/126","targetHints":{"allow":["GET"]}}],"collection":[{"href":"https:\/\/fgbmfi-burkina.org\/index.php\/wp-json\/wp\/v2\/pages"}],"about":[{"href":"https:\/\/fgbmfi-burkina.org\/index.php\/wp-json\/wp\/v2\/types\/page"}],"author":[{"embeddable":true,"href":"https:\/\/fgbmfi-burkina.org\/index.php\/wp-json\/wp\/v2\/users\/1"}],"replies":[{"embeddable":true,"href":"https:\/\/fgbmfi-burkina.org\/index.php\/wp-json\/wp\/v2\/comments?post=126"}],"version-history":[{"count":15,"href":"https:\/\/fgbmfi-burkina.org\/index.php\/wp-json\/wp\/v2\/pages\/126\/revisions"}],"predecessor-version":[{"id":1123,"href":"https:\/\/fgbmfi-burkina.org\/index.php\/wp-json\/wp\/v2\/pages\/126\/revisions\/1123"}],"wp:attachment":[{"href":"https:\/\/fgbmfi-burkina.org\/index.php\/wp-json\/wp\/v2\/media?parent=126"}],"curies":[{"name":"wp","href":"https:\/\/api.w.org\/{rel}","templated":true}]}}